{"id":42,"date":"2017-09-24T15:58:36","date_gmt":"2017-09-24T15:58:36","guid":{"rendered":"http:\/\/allensteinlegal.com\/?page_id=42"},"modified":"2026-03-31T11:31:40","modified_gmt":"2026-03-31T11:31:40","slug":"rechtsanwalt-allenstein","status":"publish","type":"page","link":"https:\/\/www.allenstein.de\/","title":{"rendered":"Wer hilft Ihnen?"},"content":{"rendered":"<p><a data-id-d=\"1\" data-img-style=\"\"><img loading=\"lazy\" decoding=\"async\" src=\"https:\/\/www.allenstein.de\/wp-content\/uploads\/2018\/09\/Logotransparent.gif\" height=\"190\" width=\"600\" alt=\"\" style=\"\"><\/img><\/a><\/p>\n<h1><span style=\"font-weight: 400; font-family: &quot;Great Vibes&quot;;\"><\/span>Markus Roland Allenstein<\/h1>\n<p>Rechtsanwalt und Fachanwalt f\u00fcr Steuerrecht in Berlin (Charlottenburg) mit Schwerpunkt in der Beratung und Vertretung kleiner und mittelst\u00e4ndischer Unternehmen<\/p>\n<p>Wer hilft Ihnen?<\/p>\n<p style=\"text-align: left;\">Ich bin Rechtsanwalt und Fachanwalt f\u00fcr Steuerrecht in Berlin &#8211; aber nicht nur hier! Ich betreue bundesweit Mandanten mit einem Schwerpunkt neben Berlin im Rhein\/Main Gebiet.<\/p>\n<p style=\"text-align: left;\">T\u00e4tig bin ich auf allen Gebieten, die kleine und mittelst\u00e4ndische Unternehmen &#8211; und die dazugeh\u00f6rigen Unternehmer &#8211; ben\u00f6tigen, insbesondere im Steuerrecht,im Wirtschaftsrecht, im Verkehrsrecht, im lnksasso und in weiteren Rechtsgebieten.<\/p>\n<h2>Rechtsberatung <em><span style=\"color: var(--tcb-color-6);\">in meiner Kanzlei<\/span><\/em><\/h2>\n<p>Voraussetzung f\u00fcr eine effiziente und erfolgversprechende Rechtsberatung und Vertretung ist eine st\u00f6rungsfreie Kommunikation zwischen dem Mandanten und seinen Beratern, denn die meisten Fehler beruhen auf Mi\u00dfverst\u00e4ndnissen oder Unverst\u00e4ndnis. Es ist deshalb wichtig, da\u00df der Mandant nicht isoliert rechtlichen Rat bei seinem Anwalt, steuerlichen Rat bei seinem Steuerberater und wirtschaftlichen Rat bei seinem Betriebswirt einholt, sondern da\u00df alle Disziplinen miteinander kooperieren.<\/p>\n<\/p>\n<p>Komplexe Wirtschaftsvorg\u00e4nge, wie sie sich bereits bei kleinen Firmen und Freiberuflern manifestieren und erst recht bei mittelst\u00e4ndischen Unternehmen, bed\u00fcrfen einer integrativen Beratung in rechtlicher, steuerlicher und wirtschaftlicher Hinsicht.<\/p>\n<\/p>\n<p>Die anwaltliche Beratung ist eine Sache des pers\u00f6nlichen Vertrauens. Nur wenn Sie Ihrem Berater Vertrauen entgegenbringen, werden Sie gewillt sein, seinen fachlichen Rat zu befolgen. Fachliche Qualifikation und Ihr Vertrauen gen\u00fcgen jedoch nicht.<\/p>\n<\/p>\n<p>Ihr Berater mu\u00df sich seinerseits darauf verlassen k\u00f6nnen, von Ihnen umfassend und richtig informiert zu werden.<\/p>\n<p><span style=\"width: 100%;\"><img loading=\"lazy\" decoding=\"async\" title=\"bild12\" style=\"\" alt=\"\" src=\"\/\/allensteinlegal.com\/wp-content\/uploads\/2020\/01\/bild12.jpg\" data-id=\"310\" mt-d=\"0\" ml-d=\"-1\" width=\"107\" height=\"80\"><\/span><\/p>\n<h4><strong>Steuerrecht<\/strong><\/h4>\n<p style=\"font-size: 14px !important;\">Die rechtliche Gestaltung hat erhebliche Auswirkungen auf die steuerlichen Belange des Unternehmens. Fehleinsch\u00e4tzungen, Unaufmerksamkeiten oder echte Fehler k\u00f6nnen gravierende Auswirkungen auf die steuerliche Belastung des Unternehmens oder Unternehmers haben. Korrekturen der zivilrechtlichen Gestaltung mit dem Ziel der Reparatur nicht ber\u00fccksichtigter steuerlicher Folgen k\u00f6nnen erneut unerw\u00fcnschte steuerliche Wirkungen haben. Wichtig ist es daher, rechtzeitig vor der Umsetzung zivilrechtlicher Ver\u00e4nderungen Rat einzuholen.<\/p>\n<ul>\n<li style=\"\">Gestaltende Beratung<\/li>\n<li style=\"\">Steuerliche Vertretung<\/li>\n<li style=\"\">Steuerstrafrecht<\/li>\n<\/ul>\n<p><span style=\"width: 100%;\"><img loading=\"lazy\" decoding=\"async\" title=\"bild5\" style=\"\" alt=\"\" src=\"\/\/allensteinlegal.com\/wp-content\/uploads\/2020\/01\/bild5.jpg\" data-id=\"312\" mt-d=\"0\" ml-d=\"-1\" width=\"107\" height=\"80\"><\/span><\/p>\n<h4><strong>Wirtschaftsrecht<\/strong><\/h4>\n<p style=\"font-size: 14px !important;\">Unter Wirtschaftsrecht verstehen wir die klassischen Bet\u00e4tigungsfelder des wirtschaftlich t\u00e4tigen Unternehmers, n\u00e4mlich das Handels- und Gesellschaftsrecht und den gewerblichen Rechtsschutz.<\/p>\n<ul>\n<li style=\"\">Handelsrecht<\/li>\n<li style=\"\">Gesellschaftsrecht<\/li>\n<li style=\"\">Markenrecht<\/li>\n<li style=\"\">Urheberrecht<\/li>\n<li style=\"\">Wettbewerbsrecht<\/li>\n<\/ul>\n<p><span style=\"width: 100%;\"><img loading=\"lazy\" decoding=\"async\" title=\"bild8\" style=\"\" alt=\"\" src=\"\/\/allensteinlegal.com\/wp-content\/uploads\/2020\/01\/bild8.jpg\" data-id=\"311\" mt-d=\"0\" ml-d=\"-1\" width=\"107\" height=\"80\"><\/span><\/p>\n<h4><strong>Verkehrsrecht<\/strong><\/h4>\n<p style=\"font-size: 14px !important;\">Verkehrsunf\u00e4lle und Verkehrsordnungswidrigkeiten geh\u00f6ren zu den h\u00e4ufigsten Erscheinungen des t\u00e4glichen Lebens. Zu unserem T\u00e4tigkeitsgebiet geh\u00f6rt die zivilrechtliche Abwicklugn von Verkehrsunf\u00e4llen von der Schadensmeldung bis zur Auskehr der Ersatzleistung an die Reparaturwerkstatt. Ferner verteidigen wir Sie bei Verkehrsordnungswidrigkeiten und Verkehrsstraftaten, egal ob Ihnen ein Geschwindigkeitsversto\u00df oder eine Abstandsunterschreitung vorgeworfen wird. Ich halte mich \u00fcber die technischen Entwicklungen und die Funktionsweise der bei der Polizei verwendeten Me\u00dfger\u00e4te ebenso auf dem laufenden, wie \u00fcber die aktuelle Rechtsprechung.<\/p>\n<p><span style=\"width: 100%;\"><img loading=\"lazy\" decoding=\"async\" title=\"bild9alt\" style=\"\" alt=\"\" src=\"\/\/allensteinlegal.com\/wp-content\/uploads\/2020\/01\/bild9alt.jpg\" data-id=\"313\" mt-d=\"0\" ml-d=\"-1\" width=\"107\" height=\"80\"><\/span><\/p>\n<h4><strong>Weitere T\u00e4tigkeitsfelder<\/strong><\/h4>\n<p style=\"font-size: 14px !important;\">Die Kanzlei befa\u00dft sich aufgrund ihrer wirtschaftsrechtlichen Ausrichtung \u00fcberwiegend mit den folgenden Fragestellungen aus dem allgemeines Zivilrecht (Rechtsdurchsetzung und Rechtsverteidigung einschlie\u00dflich Proze\u00dfvertretung), mit Fragen der Vertragsgestaltung, mit arbeitsrechtlichen Fragestellungen (Umgang mit Arbeitnehmern, streitbeilegende Vergleichsverhandlungen, Proze\u00dff\u00fchrung), mit Fragestellungen der Verm\u00f6gens- bzw. Unternehmensnachfolge (Verkauf, Schenkung, erbrechtliche Gestaltung) und mit Fragen aus dem Bereich der pers\u00f6nlichen Vorsorge (Patientenverf\u00fcgung, Vorsorgevollmacht).<\/p>\n<p style=\"font-size: 14px !important;\">F\u00fcr den Fall, da\u00df eine Beurkundung erforderlich ist, arbeitet Rechtsanwalt Allenstein mit einem erfahrenen und zuverl\u00e4ssigen Notar zusammen.<\/p>\n<p style=\"\">\u201c<em>Wenn du im Recht bist, kannst du dir leisten, die <a href=\"http:\/\/zitate.net\/ruhe-zitate\" style=\"outline: none;\" title=\"Ruhe Zitate\">Ruhe<\/a> zu bewahren; und wenn du im <a href=\"http:\/\/zitate.net\/unrecht-zitate\" style=\"outline: none;\" title=\"Unrecht Zitate\">Unrecht<\/a> bist, kannst du dir nicht leisten, sie zu <a href=\"http:\/\/zitate.net\/verlieren-zitate\" style=\"outline: none;\" title=\"Verlieren Zitate\">verlieren<\/a>\u201d<\/em><\/p>\n<p style=\"\">Mahatma Gandhi<\/p>\n<p><span style=\"width: 100%;\"><img decoding=\"async\" title=\"R12b-2026Fortbildungsurkunde\" style=\"aspect-ratio: auto 1862 \/ 2560;\" alt=\"\" src=\"https:\/\/www.allenstein.de\/wp-content\/uploads\/2026\/03\/R12b-2026Fortbildungsurkunde-scaled.jpg\" data-id=\"641\" data-width=\"483\" data-height=\"665\" data-init-width=\"1862\" data-init-height=\"2560\" loading=\"lazy\" width=\"483\" height=\"665\"><span><\/span><\/span><\/p>\n<h3>Qualit\u00e4t durch Fortbildung<\/h3>\n<p>Die Aufrechterhaltung der fachlichen Kompetenz erfordert lebenslanges Lernen und regelm\u00e4\u00dfige Fortbildung. ,,Qualit\u00e4t durch Fortbildung&#8220; lautet der Titel eines Zertifikates, welches die Bundesrechtsanwaltskammer bei Nachweiserheblicher Fortbildungszeiten vergibt. Das Zertifikat darf Rechtsanwalt Allenstein f\u00fchren.<\/p>\n<p><span style=\"width: 100%;\"><img decoding=\"async\" title=\"Urkunde\" style=\"aspect-ratio: auto 1061 \/ 1500;\" alt=\"\" src=\"https:\/\/www.allenstein.de\/wp-content\/uploads\/2018\/09\/Urkunde.jpg\" data-id=\"232\" data-width=\"483\" data-height=\"665\" data-init-width=\"1061\" data-init-height=\"1500\" width=\"483\" height=\"665\" loading=\"lazy\"><span><\/span><\/span><\/p>\n<h3>Fachanwalt f\u00fcr Steuerrecht<\/h3>\n<p>Rechtsanwalt Allenstein ist berechtigt, den Titel Fachanwalt f\u00fcr Steuerrecht zu f\u00fchren, nachdem er umfangreiche theoretische Kenntnisse erworben und diese nachgewiesen, sowie eine erhebliche Zahl von F\u00e4llen im Steuerrecht bearbeitet hat.<\/p>\n<p>Fachanw\u00e4lte sind verpflichtet, zur Aufrecherhaltung ihres Titels jedes Jahr mindestens 15 Zeitstunden Fortbildung nachzuweisen.<\/p>\n<h2 style=\"text-align: center;\">Was sagen Mandanten?<\/h2>\n<p><em><strong>&#8222;<\/strong><\/em><\/p>\n<p>Sich einer erbentenen, oft aber gekauften Bewertung zu bedienen, halte ich f\u00fcr verfehlt. Bewertungsportale k\u00f6nnen ebensowenig Ihren Eindruck ersetzen wie eine hier wiedergegebene &#8211; vermeintliche &#8211; Kommentierung eines Mandanten.<\/p>\n<p><em>Verschwiegenheit<\/em><\/p>\n<p><em><\/em><\/p>\n<p><em><strong>&#8222;<\/strong><\/em><\/p>\n<p>Sie aber haben die M\u00f6glichkeit, sich unverbindlich und pers\u00f6nlich zu \u00fcberzeugen, da\u00df ich Ihr Anliegen sachlich und unvoreingenommen pr\u00fcfe und Ihnen den gebotenen rechtlichen Rat erteile.<\/p>\n<p><em>Unabh\u00e4ngikeit<\/em><\/p>\n<\/p>\n<p><em><strong>&#8222;<\/strong><\/em><\/p>\n<p>Nachdem Sie mich beauftragt haben, verfolge ich Ihren Fall mit dem gebotenen Nachdruck um schnellstm\u00f6glich das gew\u00fcnschte Ergebnis zu erzielen.<\/p>\n<p><em>Zuverl\u00e4ssigkeit<\/em><\/p>\n<\/p>\n<p><span style=\"width: 100%;\"><img loading=\"lazy\" decoding=\"async\" title=\"062A8325\" style=\"\" alt=\"\" src=\"\/\/allensteinlegal.com\/wp-content\/uploads\/2020\/01\/062A8325-scaled.jpg\" data-id=\"304\" width=\"1707\" height=\"2560\"><\/span>Rechtsanwalt und Fachanwalt f\u00fcr Steuerrecht<span style=\"font-family: Times New Roman,Times,serif;\">Markus Roland Allenstein<\/span><\/p>\n<ul>\n<li style=\"\">Studium an der Freien Universit\u00e4t Berlin mit Schwerpunkt im Gesellschaftsrecht, Steuerrecht und Bilanzrecht<\/li>\n<li style=\"\">Referendariat im Bezirk des Kammergerichts Berlin mit Stationen bei der Deutschen Bank AG und beim Bundeskartellamt<\/li>\n<li style=\"\">Selbst\u00e4ndiger Rechtsanwalt mit wirtschafts- und zivilrechtlicher Ausrichtung seit 1997<\/li>\n<li style=\"\">Fachanwalt f\u00fcr Steuerrecht in Berlin (Charlottenburg)<\/li>\n<li style=\"\">Lehrbeauftragter an der Hochschule f\u00fcr Wirtschaft und Recht in Berlin f\u00fcr mehrere Jahre<\/li>\n<\/ul>\n<h2>Kontakt<\/h2>\n<p>Wenn Sie rechtlichen oder steuerlichen Rat ben\u00f6tigen, kontaktieren Sie die Kanzlei Rechtsanwalt Allenstein in Berlin (Charlottenburg).<\/p>\n<\/p>\n<p><strong>Markus Roland Allenstein <\/strong>Rechtsanwalt<\/p>\n<p>Fachanwalt f\u00fcr Steuerrecht<\/p>\n<\/p>\n<p>Schillerstra\u00dfe 5<\/p>\n<p>10625 Berlin (Charlottenburg)<\/p>\n<\/p>\n<p style=\"font-size: 14px !important;\">Fon <a href=\"tel:+49%2030%2041745118\" dir=\"ltr\" style=\"outline: none;\" x-apple-data-detectors=\"true\" x-apple-data-detectors-type=\"telephone\" x-apple-data-detectors-result=\"4\/0\">+49 30 41745118<\/a><\/p>\n<p style=\"font-size: 14px !important;\">Fax <a href=\"tel:+49%2030%2041745119\" dir=\"ltr\" style=\"outline: none;\" x-apple-data-detectors=\"true\" x-apple-data-detectors-type=\"telephone\" x-apple-data-detectors-result=\"4\/1\">+49 30 41745119<\/a><\/p>\n<p style=\"font-size: 14px !important;\">Mail rechtsanwalt@allenstein.de<\/p>\n<p style=\"\">\u00a9 2024 Rechtsanwalt Allenstein &nbsp; &nbsp;<\/p>\n<p><a href=\"http:\/\/www.allenstein.de\/?page_id=360\" style=\"outline: none;\">Impressum<\/a><\/p>\n<p><a href=\"http:\/\/www.allenstein.de\/?page_id=354\" style=\"outline: none;\">Datenschutz<\/a><\/p>\n","protected":false},"excerpt":{"rendered":"<p>Markus Roland Allenstein Rechtsanwalt und Fachanwalt f\u00fcr Steuerrecht in Berlin (Charlottenburg) mit Schwerpunkt in der Beratung und Vertretung kleiner und mittelst\u00e4ndischer Unternehmen Wer hilft Ihnen? Ich bin Rechtsanwalt und Fachanwalt f\u00fcr Steuerrecht in Berlin &#8211; aber nicht nur hier! Ich betreue bundesweit Mandanten mit einem Schwerpunkt neben Berlin im Rhein\/Main Gebiet. T\u00e4tig bin ich auf&#8230;<\/p>\n","protected":false},"author":1,"featured_media":0,"parent":0,"menu_order":0,"comment_status":"closed","ping_status":"closed","template":"","meta":{"footnotes":""},"class_list":["post-42","page","type-page","status-publish","hentry"],"_links":{"self":[{"href":"https:\/\/www.allenstein.de\/index.php?rest_route=\/wp\/v2\/pages\/42"}],"collection":[{"href":"https:\/\/www.allenstein.de\/index.php?rest_route=\/wp\/v2\/pages"}],"about":[{"href":"https:\/\/www.allenstein.de\/index.php?rest_route=\/wp\/v2\/types\/page"}],"author":[{"embeddable":true,"href":"https:\/\/www.allenstein.de\/index.php?rest_route=\/wp\/v2\/users\/1"}],"replies":[{"embeddable":true,"href":"https:\/\/www.allenstein.de\/index.php?rest_route=%2Fwp%2Fv2%2Fcomments&post=42"}],"version-history":[{"count":92,"href":"https:\/\/www.allenstein.de\/index.php?rest_route=\/wp\/v2\/pages\/42\/revisions"}],"predecessor-version":[{"id":642,"href":"https:\/\/www.allenstein.de\/index.php?rest_route=\/wp\/v2\/pages\/42\/revisions\/642"}],"wp:attachment":[{"href":"https:\/\/www.allenstein.de\/index.php?rest_route=%2Fwp%2Fv2%2Fmedia&parent=42"}],"curies":[{"name":"wp","href":"https:\/\/api.w.org\/{rel}","templated":true}]}}